{"id":1081,"date":"2023-11-16T12:32:22","date_gmt":"2023-11-16T12:32:22","guid":{"rendered":"https:\/\/www.buergerverein-sundern.de\/?page_id=1081"},"modified":"2026-03-25T10:14:00","modified_gmt":"2026-03-25T10:14:00","slug":"unsere-termine","status":"publish","type":"page","link":"https:\/\/www.buergerverein-sundern.de\/index.php\/unsere-termine\/","title":{"rendered":"Unsere Termine!"},"content":{"rendered":"\n<figure class=\"wp-block-image size-full is-resized\"><img loading=\"lazy\" decoding=\"async\" width=\"152\" height=\"127\" src=\"https:\/\/www.buergerverein-sundern.de\/wp-content\/uploads\/2023\/01\/grafik.png\" alt=\"\" class=\"wp-image-784\" style=\"width:179px;height:auto\"\/><\/figure>\n\n\n\n<hr class=\"wp-block-separator has-alpha-channel-opacity\"\/>\n\n\n\n<p class=\"has-text-color has-link-color has-large-font-size wp-elements-43d6d827c0c29326bf1246b37803ee6c\" style=\"color:#cc0e00\"><strong>Kl\u00f6nen im Bauernhaus<\/strong><\/p>\n\n\n\n<p class=\"has-medium-font-size\">Der B\u00fcrgerverein Sundern l\u00e4dt am Mittwoch, <strong>01. April<\/strong> zu einem Kl\u00f6nabend in das Spexarder Bauernhaus, Lukasstra\u00dfe 14 ein. Beginn ist um 20:00 Uhr. Wie immer sind auch G\u00e4ste herzlich willkommen.&nbsp;&nbsp;&nbsp;<\/p>\n\n\n\n<p class=\"has-blue-color has-text-color has-link-color has-medium-font-size wp-elements-30a9e3a1af933efe5959282af2fc3633\"><strong>Vortrag: Dr. Wolfgang Hellmeier<\/strong><\/p>\n\n\n\n<p class=\"has-blue-color has-text-color has-link-color has-medium-font-size wp-elements-0f0f4aa6b835163cb25243f53ed8165a\">Deutsch-Franz\u00f6sische-Gesellschaft G\u00fctersloh<\/p>\n\n\n\n<p class=\"has-text-color has-link-color has-medium-font-size wp-elements-46b0ea618f6b42b1d358c2593d3c40c9\" style=\"color:#cc0700\"><strong><strong>Sowie unser beliebtes Ostereier-Knobeln<\/strong><\/strong><\/p>\n\n\n\n<p><\/p>\n\n\n\n<hr class=\"wp-block-separator has-alpha-channel-opacity\"\/>\n\n\n\n<hr class=\"wp-block-separator has-alpha-channel-opacity\"\/>\n\n\n\n<hr class=\"wp-block-separator has-alpha-channel-opacity\"\/>\n\n\n\n<hr class=\"wp-block-separator has-alpha-channel-opacity\"\/>\n\n\n\n<p><\/p>\n\n\n\n<p><\/p>\n\n\n\n<hr class=\"wp-block-separator has-alpha-channel-opacity\"\/>\n\n\n\n<hr class=\"wp-block-separator has-alpha-channel-opacity\"\/>\n\n\n\n<p class=\"has-text-align-center has-text-color has-link-color has-large-font-size wp-elements-c79bbf7b56a7f5d95aa2b55541540567\" style=\"color:#00cc5d\"><strong>Ostersonntag 05. April 2026<\/strong><\/p>\n\n\n\n<p class=\"has-text-align-center has-text-color has-link-color has-medium-font-size wp-elements-cb54dc335e3c07e15b373ce9d4fda905\" style=\"color:#00cc5d\">Traditionelles Osterfeuer auf Hof Neuhaus, Buschstr.<\/p>\n\n\n\n<p class=\"has-text-align-center has-text-color has-link-color has-medium-font-size wp-elements-07945aefaa2da900276b316c7df508cb\" style=\"color:#00cc5d\">Beginn der Veranstaltung 18:00 Uhr mit Kinderunterhaltung<\/p>\n\n\n\n<p class=\"has-text-align-center has-text-color has-link-color has-medium-font-size wp-elements-bfb6f38a404eb5b4e4cce752aa6df67f\" style=\"color:#00cc5d\">\u201eWer findet den goldenen Osterhasen&#8220;<\/p>\n\n\n\n<p class=\"has-text-align-center has-text-color has-link-color has-medium-font-size wp-elements-48f74ff4ee6f9d2a7887241fbf50a432\" style=\"color:#00cc5d\">Bei Einbruch der D\u00e4mmerung ca. 19:00 Uhr wird dann<\/p>\n\n\n\n<p class=\"has-text-align-center has-text-color has-link-color has-medium-font-size wp-elements-39f51a43fc91321a24e1d2a96516513d\" style=\"color:#00cc5d\">das Osterfeuer entz\u00fcndet.<\/p>\n\n\n\n<p class=\"has-text-align-center has-text-color has-link-color has-medium-font-size wp-elements-3f5d2762092b6771df6b5bb2f1be933f\" style=\"color:#00cc5d\">F\u00fcr das leibliche Wohl ist mit Pommes und Bratwurst <\/p>\n\n\n\n<p class=\"has-text-align-center has-text-color has-link-color has-medium-font-size wp-elements-9e29761c690c7d2b941a2ba322a39cee\" style=\"color:#00cc5d\">sowie diverser Kaltgetr\u00e4nke gesorgt.<\/p>\n\n\n\n<hr class=\"wp-block-separator has-alpha-channel-opacity\"\/>\n\n\n<div class=\"wp-block-image\">\n<figure class=\"aligncenter size-full is-resized\"><img loading=\"lazy\" decoding=\"async\" width=\"584\" height=\"288\" src=\"https:\/\/www.buergerverein-sundern.de\/wp-content\/uploads\/2024\/04\/grafik.png\" alt=\"\" class=\"wp-image-1256\" style=\"width:661px;height:auto\" srcset=\"https:\/\/www.buergerverein-sundern.de\/wp-content\/uploads\/2024\/04\/grafik.png 584w, https:\/\/www.buergerverein-sundern.de\/wp-content\/uploads\/2024\/04\/grafik-300x148.png 300w\" sizes=\"auto, (max-width: 584px) 100vw, 584px\" \/><\/figure>\n<\/div>\n\n\n<hr class=\"wp-block-separator has-alpha-channel-opacity\"\/>\n\n\n\n<hr class=\"wp-block-separator has-alpha-channel-opacity\"\/>\n\n\n\n<p class=\"has-text-align-center has-blue-color has-text-color has-link-color has-medium-font-size wp-elements-bb9acb1aa3aad88962c456d587ad19ed\"><strong>Reisen mit dem B\u00fcrgerverein Sundern 2026<\/strong><\/p>\n\n\n\n<div data-wp-interactive=\"core\/file\" class=\"wp-block-file\"><object data-wp-bind--hidden=\"!state.hasPdfPreview\" hidden class=\"wp-block-file__embed\" data=\"https:\/\/www.buergerverein-sundern.de\/wp-content\/uploads\/2025\/12\/Reise-mit-dem-Buergerverein-2026.pdf\" type=\"application\/pdf\" style=\"width:100%;height:600px\" aria-label=\"Einbettung von Reise mit dem B\u00fcrgerverein 2026.\"><\/object><a id=\"wp-block-file--media-f8029493-8128-4a06-8947-8f408dd571e0\" href=\"https:\/\/www.buergerverein-sundern.de\/wp-content\/uploads\/2025\/12\/Reise-mit-dem-Buergerverein-2026.pdf\">Reise mit dem B\u00fcrgerverein 2026<\/a><a href=\"https:\/\/www.buergerverein-sundern.de\/wp-content\/uploads\/2025\/12\/Reise-mit-dem-Buergerverein-2026.pdf\" class=\"wp-block-file__button wp-element-button\" download aria-describedby=\"wp-block-file--media-f8029493-8128-4a06-8947-8f408dd571e0\">Herunterladen<\/a><\/div>\n\n\n\n<p><\/p>\n\n\n\n<p class=\"has-text-align-center has-medium-font-size\"><strong>Anmeldung f\u00fcr diese Angebote bei Hans Joachim Nowark.<\/strong><\/p>\n\n\n\n<hr class=\"wp-block-separator has-alpha-channel-opacity\"\/>\n\n\n\n<hr class=\"wp-block-separator has-alpha-channel-opacity\"\/>\n\n\n\n<hr class=\"wp-block-separator has-alpha-channel-opacity\"\/>\n\n\n\n<p class=\"has-text-align-center has-text-color has-link-color has-large-font-size wp-elements-6f54ac451922ee81c3f0cc62220f4263\" style=\"color:#2cc758\"><strong>Freitag, 21. November 2025<\/strong><\/p>\n\n\n\n<p class=\"has-text-align-center has-medium-font-size\"><strong>Mitgliederversammlung, 19:00 Uhr<\/strong> <strong>Hesse Varensell<\/strong>!<\/p>\n\n\n\n<p class=\"has-text-align-center has-text-color has-link-color has-medium-font-size wp-elements-8182bb5f4421f1ce9b208b481039f721\" style=\"color:#2cc758\"><strong>Gr\u00fcnkohl K\u00f6nig\/K\u00f6nigin<\/strong><\/p>\n\n\n\n<hr class=\"wp-block-separator has-alpha-channel-opacity\"\/>\n\n\n\n<hr class=\"wp-block-separator has-alpha-channel-opacity is-style-wide\"\/>\n\n\n\n<hr class=\"wp-block-separator has-alpha-channel-opacity is-style-wide\"\/>\n\n\n\n<hr class=\"wp-block-separator has-alpha-channel-opacity is-style-wide\"\/>\n\n\n\n<hr class=\"wp-block-separator has-alpha-channel-opacity\"\/>\n\n\n\n<p class=\"has-text-align-center has-text-color has-link-color has-x-large-font-size wp-elements-169ffd00e10dcaf10dd845b2d5d5486a\" style=\"color:#cc0700\"><strong>Mitwoch 03.12.2025<\/strong><\/p>\n\n\n\n<p class=\"has-text-align-center has-text-color has-link-color has-large-font-size wp-elements-f1da18d281cb5ebae094301e1d2a0c45\" style=\"color:#cc0700\"><\/p>\n\n\n<div class=\"wp-block-image\">\n<figure class=\"aligncenter size-full\"><img loading=\"lazy\" decoding=\"async\" width=\"612\" height=\"408\" src=\"https:\/\/www.buergerverein-sundern.de\/wp-content\/uploads\/2025\/11\/istockphoto-1406932980-612x612-1.jpg\" alt=\"\" class=\"wp-image-1814\" srcset=\"https:\/\/www.buergerverein-sundern.de\/wp-content\/uploads\/2025\/11\/istockphoto-1406932980-612x612-1.jpg 612w, https:\/\/www.buergerverein-sundern.de\/wp-content\/uploads\/2025\/11\/istockphoto-1406932980-612x612-1-300x200.jpg 300w\" sizes=\"auto, (max-width: 612px) 100vw, 612px\" \/><\/figure>\n<\/div>\n\n\n<p class=\"has-text-color has-link-color has-medium-font-size wp-elements-8b754ccafb0f75665ea46dc54f6373ac\" style=\"color:#119632\"><strong>Kl\u00f6nen im Bauernhaus<\/strong><\/p>\n\n\n\n<p class=\"has-text-color has-link-color has-medium-font-size wp-elements-30df915058b780b95e87251183995212\" style=\"color:#119632\">Der B\u00fcrgerverein Sundern l\u00e4dt f\u00fcr Mittwoch, 03. Dezember zum Nikolaus-Kl\u00f6nen in das Spexarder Bauernhaus, Lukasstra\u00dfe 14 ein. Traditionell kommt in der Adventszeit der Nikolaus und dar\u00fcber hinaus l\u00e4dt ein Ratespiel zum Mitmachen ein. Beginn ist wie immer um 20:00 Uhr. G\u00e4ste sind herzlich willkommen.&nbsp;&nbsp;&nbsp;&nbsp;&nbsp;&nbsp;&nbsp;&nbsp;&nbsp;&nbsp;&nbsp;&nbsp;&nbsp;&nbsp;&nbsp;&nbsp;&nbsp;&nbsp;&nbsp;&nbsp;&nbsp;&nbsp;&nbsp;&nbsp;&nbsp;&nbsp;&nbsp;&nbsp;&nbsp;&nbsp;&nbsp;&nbsp;&nbsp;&nbsp;&nbsp;&nbsp;&nbsp;&nbsp;&nbsp;&nbsp;&nbsp;&nbsp;&nbsp;&nbsp;&nbsp;&nbsp;&nbsp;&nbsp;&nbsp;&nbsp;&nbsp;&nbsp;<\/p>\n\n\n\n<figure class=\"wp-block-image size-full\"><img loading=\"lazy\" decoding=\"async\" width=\"600\" height=\"337\" src=\"https:\/\/www.buergerverein-sundern.de\/wp-content\/uploads\/2026\/01\/Klaus.jpg\" alt=\"\" class=\"wp-image-1864\" srcset=\"https:\/\/www.buergerverein-sundern.de\/wp-content\/uploads\/2026\/01\/Klaus.jpg 600w, https:\/\/www.buergerverein-sundern.de\/wp-content\/uploads\/2026\/01\/Klaus-300x169.jpg 300w\" sizes=\"auto, (max-width: 600px) 100vw, 600px\" \/><\/figure>\n\n\n\n<hr class=\"wp-block-separator has-alpha-channel-opacity is-style-wide\"\/>\n\n\n\n<p class=\"has-text-color has-link-color has-large-font-size wp-elements-9c32d4f567f155ba49bf581a0668fe96\" style=\"color:#cc0007f7\"><strong>Sundern bewegt sich!<\/strong><\/p>\n\n\n\n<figure class=\"wp-block-image size-full\"><img loading=\"lazy\" decoding=\"async\" width=\"152\" height=\"127\" src=\"https:\/\/www.buergerverein-sundern.de\/wp-content\/uploads\/2023\/01\/grafik.png\" alt=\"\" class=\"wp-image-784\"\/><\/figure>\n\n\n\n<p class=\"has-text-align-center has-text-color has-link-color has-large-font-size wp-elements-57b7b3f6a926fe00b8f8d01790016a0e\" style=\"color:#3b950b\"><strong>Reisen 2026 <\/strong><\/p>\n\n\n\n<p class=\"has-text-align-center has-text-color has-link-color has-large-font-size wp-elements-6b7493270321dde366f84edbca83cd00\" style=\"color:#3b950b\"><strong>mit dem B\u00fcrgerverein<\/strong><\/p>\n\n\n\n<p>Informartion und Anmeldung bei Hans Joachim Nowark<\/p>\n\n\n\n<p>Auf der Haar 108, 33332 G\u00fctersloh (05241-48619)<\/p>\n\n\n\n<div data-wp-interactive=\"core\/file\" class=\"wp-block-file\"><object data-wp-bind--hidden=\"!state.hasPdfPreview\" hidden class=\"wp-block-file__embed\" data=\"https:\/\/www.buergerverein-sundern.de\/wp-content\/uploads\/2025\/12\/Reise-mit-dem-Buergerverein-2026.pdf\" type=\"application\/pdf\" style=\"width:100%;height:600px\" aria-label=\"Einbettung von Reise mit dem B\u00fcrgerverein 2026.\"><\/object><a id=\"wp-block-file--media-ab13733c-9175-49f0-a2c2-9208ccb5670c\" href=\"https:\/\/www.buergerverein-sundern.de\/wp-content\/uploads\/2025\/12\/Reise-mit-dem-Buergerverein-2026.pdf\">Reise mit dem B\u00fcrgerverein 2026<\/a><a href=\"https:\/\/www.buergerverein-sundern.de\/wp-content\/uploads\/2025\/12\/Reise-mit-dem-Buergerverein-2026.pdf\" class=\"wp-block-file__button wp-element-button\" download aria-describedby=\"wp-block-file--media-ab13733c-9175-49f0-a2c2-9208ccb5670c\">Herunterladen<\/a><\/div>\n\n\n\n<hr class=\"wp-block-separator has-alpha-channel-opacity is-style-wide\"\/>\n\n\n\n<p class=\"has-text-color has-link-color has-medium-font-size wp-elements-af8ad52f93de95709d88a6b1071248fb\" style=\"color:#05cc00\"><\/p>\n\n\n\n<p class=\"has-text-align-center has-text-color has-link-color has-large-font-size wp-elements-a4a88a55c182369ace871658af6ad18b\" style=\"color:#2cc758\"><\/p>\n","protected":false},"excerpt":{"rendered":"<p>Kl\u00f6nen im Bauernhaus Der B\u00fcrgerverein Sundern l\u00e4dt am Mittwoch, 01. April zu einem Kl\u00f6nabend in das Spexarder Bauernhaus, Lukasstra\u00dfe 14 ein. Beginn ist um 20:00 Uhr. Wie immer sind auch G\u00e4ste herzlich willkommen.&nbsp;&nbsp;&nbsp; Vortrag: Dr. Wolfgang Hellmeier Deutsch-Franz\u00f6sische-Gesellschaft G\u00fctersloh Sowie &hellip; <a href=\"https:\/\/www.buergerverein-sundern.de\/index.php\/unsere-termine\/\">Weiterlesen <span class=\"meta-nav\">&rarr;<\/span><\/a><\/p>\n","protected":false},"author":1,"featured_media":0,"parent":0,"menu_order":0,"comment_status":"closed","ping_status":"closed","template":"","meta":{"footnotes":""},"class_list":["post-1081","page","type-page","status-publish","hentry"],"_links":{"self":[{"href":"https:\/\/www.buergerverein-sundern.de\/index.php\/wp-json\/wp\/v2\/pages\/1081","targetHints":{"allow":["GET"]}}],"collection":[{"href":"https:\/\/www.buergerverein-sundern.de\/index.php\/wp-json\/wp\/v2\/pages"}],"about":[{"href":"https:\/\/www.buergerverein-sundern.de\/index.php\/wp-json\/wp\/v2\/types\/page"}],"author":[{"embeddable":true,"href":"https:\/\/www.buergerverein-sundern.de\/index.php\/wp-json\/wp\/v2\/users\/1"}],"replies":[{"embeddable":true,"href":"https:\/\/www.buergerverein-sundern.de\/index.php\/wp-json\/wp\/v2\/comments?post=1081"}],"version-history":[{"count":160,"href":"https:\/\/www.buergerverein-sundern.de\/index.php\/wp-json\/wp\/v2\/pages\/1081\/revisions"}],"predecessor-version":[{"id":1937,"href":"https:\/\/www.buergerverein-sundern.de\/index.php\/wp-json\/wp\/v2\/pages\/1081\/revisions\/1937"}],"wp:attachment":[{"href":"https:\/\/www.buergerverein-sundern.de\/index.php\/wp-json\/wp\/v2\/media?parent=1081"}],"curies":[{"name":"wp","href":"https:\/\/api.w.org\/{rel}","templated":true}]}}